{"id":40,"date":"2024-05-02T21:13:41","date_gmt":"2024-05-02T19:13:41","guid":{"rendered":"https:\/\/kolektywpomyslow.com\/?page_id=40"},"modified":"2024-05-27T09:12:43","modified_gmt":"2024-05-27T07:12:43","slug":"informator","status":"publish","type":"page","link":"https:\/\/kolektywpomyslow.pl\/en\/informator\/","title":{"rendered":"Hello! This is Ma\u015blice"},"content":{"rendered":"<p>Od kilku lat nasze stowarzyszenie wydaje osiedlowy bezp\u0142atny informator, przejmuj\u0105c pa\u0142eczk\u0119 od Rady Osiedla Ma\u015blice. <\/p>\n\n\n\n<p>Numery archiwalne mo\u017cna pobra\u0107 u do\u0142u tej strony &#8211; zapraszamy do lektury!<\/p>\n\n\n\n<p>Zesp\u00f3\u0142 redaktorski<\/p>\n\n\n\n<p>Wsp\u00f3\u0142praca i kontakt<\/p>\n\n\n\n<p>Zapraszamy do przeczytania naszych ostatnich gazet!<\/p>\n\n\n\n<div class=\"wp-block-group is-nowrap is-layout-flex wp-container-core-group-is-layout-64989fb1 wp-block-group-is-layout-flex\">\n<figure class=\"wp-block-image size-full is-resized\"><img decoding=\"async\" src=\"https:\/\/kolektywpomyslow.pl\/wp-content\/uploads\/2024\/05\/OIP-1.png\" alt=\"\" class=\"wp-image-311\" style=\"width:20px;height:auto\"\/><\/figure>\n\n\n\n<p><a href=\"https:\/\/osiedle.wroc.pl\/phocadownloadpap\/userupload\/maslice.tkuna\/Halo%20Tu%20Malice%20nr%2023.pdf\" target=\"_blank\" rel=\"noopener\" title=\"\">Halo! Tu Ma\u015blice nr 23 (pdf)<\/a><br>Artyku\u0142 opisuje dzia\u0142alno\u015b\u0107 Centrum Aktywno\u015bci Lokalnej (CAL) Ma\u015blice, w tym r\u00f3\u017cnorodne wydarzenia i inicjatywy kulturalne, edukacyjne oraz charytatywne organizowane przez lokalny kolektyw, jak r\u00f3wnie\u017c informacje o nadchodz\u0105cych wydarzeniach i sposobach wsparcia lokalnych spo\u0142eczno\u015bci.<\/p>\n<\/div>\n\n\n\n<hr class=\"wp-block-separator has-alpha-channel-opacity\"\/>\n\n\n\n<div class=\"wp-block-group is-nowrap is-layout-flex wp-container-core-group-is-layout-64989fb1 wp-block-group-is-layout-flex\">\n<figure class=\"wp-block-image size-full is-resized\"><img loading=\"lazy\" decoding=\"async\" width=\"36\" height=\"49\" src=\"https:\/\/kolektywpomyslow.pl\/wp-content\/uploads\/2024\/05\/OIP.png\" alt=\"pdf\" class=\"wp-image-310\" style=\"width:20px;height:auto\"\/><\/figure>\n\n\n\n<p><a href=\"https:\/\/osiedle.wroc.pl\/phocadownloadpap\/userupload\/maslice.tkuna\/Halo%20Tu%20Malice%20nr%2022.pdf\" target=\"_blank\" rel=\"noopener\" title=\"\">Halo<\/a><a href=\"https:\/\/osiedle.wroc.pl\/phocadownloadpap\/userupload\/maslice.tkuna\/Halo%20Tu%20Malice%20nr%2022.pdf\">! Tu Ma\u015blice nr 22 (pdf)<\/a><br>Artyku\u0142 podsumowuje rok dzia\u0142alno\u015bci Centrum Aktywno\u015bci Lokalnej na Ma\u015blicach, podkre\u015blaj\u0105c jego rol\u0119 jako miejsca integracji i wsp\u00f3\u0142pracy s\u0105siedzkiej, oraz zach\u0119ca do dalszego anga\u017cowania si\u0119 i wsp\u00f3lnego tworzenia lokalnej spo\u0142eczno\u015bci.<\/p>\n<\/div>\n\n\n\n<hr class=\"wp-block-separator has-alpha-channel-opacity\"\/>\n\n\n\n<div class=\"wp-block-group is-nowrap is-layout-flex wp-container-core-group-is-layout-64989fb1 wp-block-group-is-layout-flex\">\n<figure class=\"wp-block-image size-full is-resized\"><img loading=\"lazy\" decoding=\"async\" width=\"36\" height=\"49\" src=\"https:\/\/kolektywpomyslow.pl\/wp-content\/uploads\/2024\/05\/OIP.png\" alt=\"pdf\" class=\"wp-image-310\" style=\"width:20px;height:auto\"\/><\/figure>\n\n\n\n<p><a href=\"https:\/\/osiedle.wroc.pl\/phocadownloadpap\/userupload\/maslice.tkuna\/Halo%20Tu%20Malice%20nr%2021.pdf\" target=\"_blank\" rel=\"noopener\" title=\"\">Halo! Tu Ma\u015blice nr 21 (pdf)<\/a><br>Do\u0142\u0105cz do naszej kolektywnej przygody pe\u0142nej r\u00f3\u017cnorodnych wydarze\u0144 i inicjatyw w Centrum Aktywno\u015bci Lokalnej Ma\u015blice, gdzie po wakacjach praca wre, zanurzaj\u0105c si\u0119 w spotkaniach autorskich, \u015bniadaniach s\u0105siedzkich, koncertach charytatywnych i Ma\u015blickim Jarmarku \u015awi\u0105tecznym, a tak\u017ce zaplanowanych podr\u00f3\u017cach i kolejnych inicjatywach na kolejne miesi\u0105ce!<\/p>\n<\/div>\n\n\n\n<hr class=\"wp-block-separator has-alpha-channel-opacity\"\/>\n\n\n\n<div class=\"wp-block-group is-nowrap is-layout-flex wp-container-core-group-is-layout-64989fb1 wp-block-group-is-layout-flex\">\n<figure class=\"wp-block-image size-full is-resized\"><img loading=\"lazy\" decoding=\"async\" width=\"36\" height=\"49\" src=\"https:\/\/kolektywpomyslow.pl\/wp-content\/uploads\/2024\/05\/OIP.png\" alt=\"pdf\" class=\"wp-image-310\" style=\"width:20px;height:auto\"\/><\/figure>\n\n\n\n<p><a href=\"https:\/\/osiedle.wroc.pl\/phocadownloadpap\/userupload\/maslice.tkuna\/Halo%20Tu%20Malice%20nr%2020.pdf\">Halo! Tu Ma\u015blice nr 20 (pdf)<\/a><br>Razem z wakacyjnymi powitankami, zapraszamy do sp\u0119dzenia ostatnich dni lata z nami w Centrum Aktywno\u015bci Lokalnej na Ma\u015blicach, pe\u0142nych koncert\u00f3w, piknik\u00f3w, rajd\u00f3w rowerowych i niezapomnianych spotka\u0144 s\u0105siedzkich, w atmosferze rado\u015bci i wsp\u00f3lnego tworzenia!<\/p>\n<\/div>\n\n\n\n<hr class=\"wp-block-separator has-alpha-channel-opacity\"\/>\n\n\n\n<div class=\"wp-block-group is-nowrap is-layout-flex wp-container-core-group-is-layout-64989fb1 wp-block-group-is-layout-flex\">\n<figure class=\"wp-block-image size-full is-resized\"><img loading=\"lazy\" decoding=\"async\" width=\"36\" height=\"49\" src=\"https:\/\/kolektywpomyslow.pl\/wp-content\/uploads\/2024\/05\/OIP.png\" alt=\"pdf\" class=\"wp-image-310\" style=\"width:20px;height:auto\"\/><\/figure>\n\n\n\n<p><a href=\"https:\/\/osiedle.wroc.pl\/phocadownloadpap\/userupload\/maslice.tkuna\/Halo%20Tu%20Malice%20nr%2019.pdf\">Halo! Tu Ma\u015blice nr 19 (pdf)<\/a><br>Zapraszamy do odkrywania tajemniczych wydarze\u0144 i inicjatyw, kt\u00f3re kryj\u0105 si\u0119 za kurtyn\u0105 dzia\u0142alno\u015bci Centrum Aktywno\u015bci Lokalnej na Ma\u015blicach, gdzie kolektywne pozdrowienie otwiera drzwi do wielu emocjonuj\u0105cych przyg\u00f3d i wsp\u00f3lnego tworzenia!<\/p>\n<\/div>\n\n\n\n<hr class=\"wp-block-separator has-alpha-channel-opacity\"\/>\n\n\n\n<div class=\"wp-block-group is-nowrap is-layout-flex wp-container-core-group-is-layout-64989fb1 wp-block-group-is-layout-flex\">\n<figure class=\"wp-block-image size-full is-resized\"><img loading=\"lazy\" decoding=\"async\" width=\"36\" height=\"49\" src=\"https:\/\/kolektywpomyslow.pl\/wp-content\/uploads\/2024\/05\/OIP.png\" alt=\"pdf\" class=\"wp-image-310\" style=\"width:20px;height:auto\"\/><\/figure>\n\n\n\n<p><a href=\"https:\/\/osiedle.wroc.pl\/phocadownloadpap\/userupload\/maslice.tkuna\/Halo%20Tu%20Malice%20nr%2018.pdf\">Halo! Tu Ma\u015blice nr 18 (pdf)<\/a><br>Rok 2022 by\u0142 dla naszej spo\u0142eczno\u015bci czasem wzmo\u017conej dzia\u0142alno\u015bci i wsp\u00f3\u0142pracy, za co serdecznie dzi\u0119kujemy wszystkim, kt\u00f3rzy byli z nami i wspierali nasze inicjatywy, wierz\u0105c w si\u0142\u0119 kolektywnego dzia\u0142ania dla dobra lokalnej spo\u0142eczno\u015bci.<\/p>\n<\/div>\n\n\n\n<hr class=\"wp-block-separator has-alpha-channel-opacity\"\/>\n\n\n\n<div class=\"wp-block-group is-nowrap is-layout-flex wp-container-core-group-is-layout-64989fb1 wp-block-group-is-layout-flex\">\n<figure class=\"wp-block-image size-full is-resized\"><img loading=\"lazy\" decoding=\"async\" width=\"36\" height=\"49\" src=\"https:\/\/kolektywpomyslow.pl\/wp-content\/uploads\/2024\/05\/OIP.png\" alt=\"pdf\" class=\"wp-image-310\" style=\"width:20px;height:auto\"\/><\/figure>\n\n\n\n<p><a href=\"https:\/\/osiedle.wroc.pl\/phocadownloadpap\/userupload\/maslice.tkuna\/Halo%20Tu%20Malice%20nr%2017.pdf\">Halo! Tu Ma\u015blice nr 17 (pdf)<\/a><br>Odkryj pe\u0142n\u0105 emocji podr\u00f3\u017c przez pierwszy rok dzia\u0142alno\u015bci Kolektywu Pomys\u0142\u00f3w jako operatora Centrum Aktywno\u015bci Lokalnej na Ma\u015blicach, pe\u0142nego wspomnie\u0144, intryguj\u0105cych wydarze\u0144 i integracji spo\u0142eczno\u015bci lokalnej &#8211; przeczytaj, by pozna\u0107 histori\u0119 t\u0119tni\u0105cego \u017cyciem miejsca i zaanga\u017cowanych mieszka\u0144c\u00f3w!<\/p>\n<\/div>\n\n\n\n<hr class=\"wp-block-separator has-alpha-channel-opacity\"\/>\n\n\n\n<div class=\"wp-block-group is-nowrap is-layout-flex wp-container-core-group-is-layout-64989fb1 wp-block-group-is-layout-flex\">\n<figure class=\"wp-block-image size-full is-resized\"><img loading=\"lazy\" decoding=\"async\" width=\"36\" height=\"49\" src=\"https:\/\/kolektywpomyslow.pl\/wp-content\/uploads\/2024\/05\/OIP.png\" alt=\"pdf\" class=\"wp-image-310\" style=\"width:20px;height:auto\"\/><\/figure>\n\n\n\n<p><a href=\"https:\/\/osiedle.wroc.pl\/phocadownloadpap\/userupload\/maslice.tkuna\/Halo%20Tu%20Malice%20nr%2016.pdf\">Halo! Tu Ma\u015blice nr 16 (pdf)<\/a><br>Odkryj letni\u0105 aktywno\u015b\u0107 w CAL-u na Ma\u015blicach &#8211; pe\u0142no sztuki, kultury i aktywno\u015bci na \u015bwie\u017cym powietrzu, z nowymi planami na jesienny sezon! \ud83c\udf42<\/p>\n<\/div>\n\n\n\n<hr class=\"wp-block-separator has-alpha-channel-opacity\"\/>\n\n\n\n<div class=\"wp-block-group is-nowrap is-layout-flex wp-container-core-group-is-layout-64989fb1 wp-block-group-is-layout-flex\">\n<figure class=\"wp-block-image size-full is-resized\"><img loading=\"lazy\" decoding=\"async\" width=\"36\" height=\"49\" src=\"https:\/\/kolektywpomyslow.pl\/wp-content\/uploads\/2024\/05\/OIP.png\" alt=\"pdf\" class=\"wp-image-310\" style=\"width:20px;height:auto\"\/><\/figure>\n\n\n\n<p><a href=\"https:\/\/osiedle.wroc.pl\/phocadownloadpap\/userupload\/maslice.tkuna\/Halo%20Tu%20Malice%20nr%2015.pdf\">Halo! Tu Ma\u015blice nr 15 (pdf)<\/a><br>Odkryj pulsujece \u017cycie w Centrum Aktywno\u015bci Lokalnej na Ma\u015blicach, gdzie spo\u0142eczno\u015b\u0107 wsp\u00f3lnie tworzy wyj\u0105tkow\u0105 atmosfer\u0119 pe\u0142n\u0105 wydarze\u0144 i inspiracji &#8211; do\u0142\u0105cz do nas i podziel si\u0119 swoimi pomys\u0142ami!<\/p>\n<\/div>\n\n\n\n<hr class=\"wp-block-separator has-alpha-channel-opacity\"\/>\n\n\n\n<div class=\"wp-block-group is-nowrap is-layout-flex wp-container-core-group-is-layout-64989fb1 wp-block-group-is-layout-flex\">\n<figure class=\"wp-block-image size-full is-resized\"><img loading=\"lazy\" decoding=\"async\" width=\"36\" height=\"49\" src=\"https:\/\/kolektywpomyslow.pl\/wp-content\/uploads\/2024\/05\/OIP.png\" alt=\"pdf\" class=\"wp-image-310\" style=\"width:20px;height:auto\"\/><\/figure>\n\n\n\n<p><a href=\"https:\/\/osiedle.wroc.pl\/phocadownloadpap\/userupload\/maslice.tkuna\/Halo%20Tu%20Malice%20nr%2014.pdf\">Halo! Tu Ma\u015blice nr 14 (pdf)<\/a><br>Prze\u017cyj z nami kolektywn\u0105 podr\u00f3\u017c przez wyzwania i inicjatywy w Centrum Aktywno\u015bci Lokalnej na Ma\u015blicach, gdzie solidarno\u015b\u0107 staje si\u0119 moc\u0105, a wsp\u00f3lne dzia\u0142anie przynosi realn\u0105 pomoc i inspiracj\u0119 &#8211; do\u0142\u0105cz do nas i b\u0105d\u017a cz\u0119\u015bci\u0105 tej wsp\u00f3lnoty!<\/p>\n<\/div>\n\n\n\n<hr class=\"wp-block-separator has-alpha-channel-opacity\"\/>\n\n\n\n<div class=\"wp-block-group is-nowrap is-layout-flex wp-container-core-group-is-layout-64989fb1 wp-block-group-is-layout-flex\">\n<figure class=\"wp-block-image size-full is-resized\"><img loading=\"lazy\" decoding=\"async\" width=\"36\" height=\"49\" src=\"https:\/\/kolektywpomyslow.pl\/wp-content\/uploads\/2024\/05\/OIP.png\" alt=\"pdf\" class=\"wp-image-310\" style=\"width:20px;height:auto\"\/><\/figure>\n\n\n\n<p><a href=\"https:\/\/osiedle.wroc.pl\/phocadownloadpap\/userupload\/maslice.tkuna\/Halo%20Tu%20Malice%20nr%2013.pdf\">Halo! Tu Ma\u015blice nr 13 (pdf)<\/a><br>Do\u0142\u0105cz do nas w Centrum Aktywno\u015bci Lokalnej na Ma\u015blicach, gdzie w 2022 roku czekaj\u0105 nas nowe inicjatywy, zaj\u0119cia i mo\u017cliwo\u015bci wsp\u00f3\u0142tworzenia lokalnej spo\u0142eczno\u015bci &#8211; \u015bled\u017a nasze dzia\u0142ania na Facebooku, do\u0142\u0105cz do naszych projekt\u00f3w i b\u0105d\u017a cz\u0119\u015bci\u0105 inspiruj\u0105cej wsp\u00f3lnoty!<\/p>\n<\/div>\n\n\n\n<hr class=\"wp-block-separator has-alpha-channel-opacity\"\/>\n\n\n\n<div class=\"wp-block-group is-nowrap is-layout-flex wp-container-core-group-is-layout-64989fb1 wp-block-group-is-layout-flex\">\n<figure class=\"wp-block-image size-full is-resized\"><img loading=\"lazy\" decoding=\"async\" width=\"36\" height=\"49\" src=\"https:\/\/kolektywpomyslow.pl\/wp-content\/uploads\/2024\/05\/OIP.png\" alt=\"pdf\" class=\"wp-image-310\" style=\"width:20px;height:auto\"\/><\/figure>\n\n\n\n<p><a href=\"https:\/\/osiedle.wroc.pl\/phocadownloadpap\/userupload\/maslice.tkuna\/Przebudowa%20wau%20przeciwpowodziowego%20lzoujcie.pdf\">Przebudowa wa\u0142u przeciwpowodziowego &#8211; \u015al\u0119zouj\u015bcie (pdf)<\/a><br>Zarz\u0105d Dr\u00f3g i Utrzymania Miasta we Wroc\u0142awiu przedstawia najwa\u017cniejsze pytania i odpowiedzi dotycz\u0105ce planowanej przebudowy wa\u0142u przeciwpowodziowego wraz z infrastruktur\u0105 drogow\u0105 w ci\u0105gu ul. \u015al\u0119zouj\u015bcie.<\/p>\n<\/div>\n\n\n\n<hr class=\"wp-block-separator has-alpha-channel-opacity\"\/>\n\n\n\n<div class=\"wp-block-group is-nowrap is-layout-flex wp-container-core-group-is-layout-64989fb1 wp-block-group-is-layout-flex\">\n<figure class=\"wp-block-image size-full is-resized\"><img loading=\"lazy\" decoding=\"async\" width=\"36\" height=\"49\" src=\"https:\/\/kolektywpomyslow.pl\/wp-content\/uploads\/2024\/05\/OIP.png\" alt=\"pdf\" class=\"wp-image-310\" style=\"width:20px;height:auto\"\/><\/figure>\n\n\n\n<p><a href=\"https:\/\/osiedle.wroc.pl\/phocadownloadpap\/userupload\/maslice.tkuna\/Halo%20Tu%20Malice%20nr%2012.pdf\">Halo! Tu Ma\u015blice nr 12 (pdf)<\/a><br><a href=\"https:\/\/osiedle.wroc.pl\/phocadownloadpap\/userupload\/maslice.tkuna\/Halo%20Tu%20Malice%20nr%2012.pdf\">W 2021 roku Stowarzyszenie Kolektyw Pomys\u0142\u00f3w aktywnie zaanga\u017cowa\u0142o si\u0119 w wiele inicjatyw na osiedlu Ma\u015blice, w\u0142\u0105czaj\u0105c si\u0119 w r\u00f3\u017cnorodne wydarzenia, od organizacji ogrodu spo\u0142ecznego po koordynacj\u0119 dzia\u0142a\u0144 w nowo otwartym Centrum Aktywno\u015bci Lokalnej przy ul. Suwalskiej 11, d\u0105\u017c\u0105c do integracji spo\u0142eczno\u015bci lokalnej i wspieraj\u0105c mieszka\u0144c\u00f3w poprzez r\u00f3\u017cnorodne zaj\u0119cia i warsztaty.<\/a><\/p>\n<\/div>\n\n\n\n<hr class=\"wp-block-separator has-alpha-channel-opacity\"\/>\n\n\n\n<div class=\"wp-block-group is-nowrap is-layout-flex wp-container-core-group-is-layout-64989fb1 wp-block-group-is-layout-flex\">\n<figure class=\"wp-block-image size-full is-resized\"><img loading=\"lazy\" decoding=\"async\" width=\"36\" height=\"49\" src=\"https:\/\/kolektywpomyslow.pl\/wp-content\/uploads\/2024\/05\/OIP.png\" alt=\"pdf\" class=\"wp-image-310\" style=\"width:20px;height:auto\"\/><\/figure>\n\n\n\n<p><a href=\"https:\/\/osiedle.wroc.pl\/phocadownloadpap\/userupload\/maslice.tkuna\/Halo%20Tu%20Malice%20nr%2011.pdf\">Halo! Tu Ma\u015blice nr 11 (pdf)<\/a><br>Stowarzyszenie Kolektyw Pomys\u0142\u00f3w wspomina lato 2021 jako czas r\u00f3\u017cnorodnych wydarze\u0144 osiedlowych, takich jak uliczne wyst\u0119py teatralne, warsztaty florystyczne, zaj\u0119cia z jogi oraz sp\u0142yw kajakowy, organizowane w ramach Funduszu Czasu Wolnego, a tak\u017ce udzia\u0142 w festynach i budowie ogrodu spo\u0142ecznego, z przyjemno\u015bci\u0105 zapraszaj\u0105c na kolejne wydarzenia, w tym II Ma\u015blicki Stand-Up.<\/p>\n<\/div>\n\n\n\n<hr class=\"wp-block-separator has-alpha-channel-opacity\"\/>\n\n\n\n<div class=\"wp-block-group is-nowrap is-layout-flex wp-container-core-group-is-layout-ad2f72ca wp-block-group-is-layout-flex\">\n<figure class=\"wp-block-image size-full is-resized\"><img loading=\"lazy\" decoding=\"async\" width=\"36\" height=\"49\" src=\"https:\/\/kolektywpomyslow.pl\/wp-content\/uploads\/2024\/05\/OIP.png\" alt=\"pdf\" class=\"wp-image-310\" style=\"width:20px;height:auto\"\/><\/figure>\n\n\n\n<p><a href=\"https:\/\/osiedle.wroc.pl\/phocadownloadpap\/userupload\/maslice.tkuna\/Halo%20Tu%20Malice%20nr%2010.pdf\">Halo! Tu Ma\u015blice nr 10 (pdf)<\/a><br>Stowarzyszenie Kolektyw Pomys\u0142\u00f3w \u017cyczy udanych wakacji i zaprasza na imprez\u0119 &#8222;KOLEKTYWNIE BEZPIECZNIEJ, CZYLI ZAMASKOWANE WAKACJE&#8221;, informuj\u0105c o swoich dzia\u0142aniach spo\u0142ecznych i staraniach o utworzenie Ma\u015blickiego Centrum Wolontariatu.<\/p>\n<\/div>\n\n\n\n<hr class=\"wp-block-separator has-alpha-channel-opacity\"\/>\n\n\n\n<div class=\"wp-block-group is-nowrap is-layout-flex wp-container-core-group-is-layout-64989fb1 wp-block-group-is-layout-flex\">\n<figure class=\"wp-block-image size-full is-resized\"><img loading=\"lazy\" decoding=\"async\" width=\"36\" height=\"49\" src=\"https:\/\/kolektywpomyslow.pl\/wp-content\/uploads\/2024\/05\/OIP.png\" alt=\"pdf\" class=\"wp-image-310\" style=\"width:20px;height:auto\"\/><\/figure>\n\n\n\n<p><a href=\"https:\/\/osiedle.wroc.pl\/phocadownloadpap\/userupload\/maslice.tkuna\/Halo%20Tu%20Malice%20nr%209.pdf\">Halo! Tu Ma\u015blice nr 9 (pdf)<\/a><br>W Stowarzyszeniu Kolektyw Pomys\u0142\u00f3w podsumowano dzia\u0142ania z ubieg\u0142ego roku, obejmuj\u0105ce liczne akcje charytatywne, wydarzenia spo\u0142eczno\u015bciowe, inicjatywy kulturalne i zaanga\u017cowanie w lokaln\u0105 spo\u0142eczno\u015b\u0107, a tak\u017ce do\u0142\u0105czono do wroc\u0142awskiej Sieci Centr\u00f3w Aktywno\u015bci Lokalnej, planuj\u0105c kolejne wydarzenia i zach\u0119caj\u0105c do wsp\u00f3\u0142pracy wszystkich zainteresowanych.<\/p>\n<\/div>\n\n\n\n<hr class=\"wp-block-separator has-alpha-channel-opacity\"\/>\n\n\n\n<div class=\"wp-block-group is-nowrap is-layout-flex wp-container-core-group-is-layout-64989fb1 wp-block-group-is-layout-flex\">\n<figure class=\"wp-block-image size-full is-resized\"><img loading=\"lazy\" decoding=\"async\" width=\"36\" height=\"49\" src=\"https:\/\/kolektywpomyslow.pl\/wp-content\/uploads\/2024\/05\/OIP.png\" alt=\"pdf\" class=\"wp-image-310\" style=\"width:20px;height:auto\"\/><\/figure>\n\n\n\n<p><a href=\"https:\/\/osiedle.wroc.pl\/phocadownloadpap\/userupload\/maslice.tkuna\/Halo%20Tu%20Malice%20nr%208.pdf\">Halo! Tu Ma\u015blice nr 8 (pdf)<\/a><br>Pod koniec wrze\u015bnia wzi\u0119li\u015bmy udzia\u0142 w Maratonie Pomys\u0142\u00f3w Spo\u0142ecznych, zdobywaj\u0105c 3. miejsce za projekt gry mobilnej, planujemy tak\u017ce Kolektywn\u0105 pomoc dla s\u0142u\u017cb medycznych z Koszarowej oraz inicjatyw\u0119 Osiedlowego Bookcrossingu, wspierali\u015bmy r\u00f3wnie\u017c przedsi\u0119biorc\u00f3w chryzantemami i uczestniczyli\u015bmy w Wroc\u0142awskim Kongresie Kultury 2020, a przed \u015bwi\u0119tami planujemy zbi\u00f3rk\u0119 ciast dla pensjonariuszy DPS-u oraz czytanie online &#8222;Opowie\u015bci wigilijnej&#8221; Ch. Dickensa i pisanie opowie\u015bci ma\u015blickiej.<\/p>\n<\/div>\n\n\n\n<hr class=\"wp-block-separator has-alpha-channel-opacity\"\/>\n\n\n\n<div class=\"wp-block-group is-nowrap is-layout-flex wp-container-core-group-is-layout-64989fb1 wp-block-group-is-layout-flex\">\n<figure class=\"wp-block-image size-full is-resized\"><img loading=\"lazy\" decoding=\"async\" width=\"36\" height=\"49\" src=\"https:\/\/kolektywpomyslow.pl\/wp-content\/uploads\/2024\/05\/OIP.png\" alt=\"pdf\" class=\"wp-image-310\" style=\"width:20px;height:auto\"\/><\/figure>\n\n\n\n<p><a href=\"https:\/\/osiedle.wroc.pl\/phocadownloadpap\/userupload\/maslice.tkuna\/Halo%20Tu%20Malice%20nr%207.pdf\">Halo! Tu Ma\u015blice nr 7 (pdf)<\/a><br>W okresie prze\u0142omu sierpnia i wrze\u015bnia zorganizowali\u015bmy intensywne wydarzenia, w tym rowerow\u0105 gr\u0119 terenow\u0105 &#8222;Jajecznica na Ma\u015ble&#8221;, Ma\u015blicki Stand Up, czytanie &#8222;Balladyny&#8221; podczas Narodowego Czytania 2020 oraz regularnie informujemy o naszych akcjach na profilu FB @kolektywpomyslow-com<\/p>\n\n\n\n<hr class=\"wp-block-separator has-alpha-channel-opacity\"\/>\n<\/div>\n\n\n\n<hr class=\"wp-block-separator has-alpha-channel-opacity\"\/>\n\n\n\n<div class=\"wp-block-group is-nowrap is-layout-flex wp-container-core-group-is-layout-64989fb1 wp-block-group-is-layout-flex\">\n<figure class=\"wp-block-image size-full is-resized\"><img loading=\"lazy\" decoding=\"async\" width=\"36\" height=\"49\" src=\"https:\/\/kolektywpomyslow.pl\/wp-content\/uploads\/2024\/05\/OIP.png\" alt=\"pdf\" class=\"wp-image-310\" style=\"width:20px;height:auto\"\/><\/figure>\n\n\n\n<p><a href=\"https:\/\/osiedle.wroc.pl\/phocadownloadpap\/userupload\/maslice.tkuna\/Halo%20Tu%20Malice%20nr%206.pdf\">Halo! Tu Ma\u015blice nr 6 (pdf)<\/a><br>Stowarzyszenie Kolektyw Pomys\u0142\u00f3w zach\u0119ca do wsp\u00f3\u0142tworzenia osiedlowej gazetki, opowiada o swoich dzia\u0142aniach, takich jak zbi\u00f3rka artyku\u0142\u00f3w higienicznych dla Domu Pomocy Spo\u0142ecznej oraz projekt &#8222;Ma\u015blicki Dziennik z Okresu Pandemii&#8221;, \u017cyczy udanego odpoczynku i podkre\u015bla znaczenie dbania o zdrowie i bezpiecze\u0144stwo.<\/p>\n<\/div>\n\n\n\n<hr class=\"wp-block-separator has-alpha-channel-opacity\"\/>\n\n\n\n<div class=\"wp-block-group is-nowrap is-layout-flex wp-container-core-group-is-layout-64989fb1 wp-block-group-is-layout-flex\">\n<figure class=\"wp-block-image size-full is-resized\"><img loading=\"lazy\" decoding=\"async\" width=\"36\" height=\"49\" src=\"https:\/\/kolektywpomyslow.pl\/wp-content\/uploads\/2024\/05\/OIP.png\" alt=\"pdf\" class=\"wp-image-310\" style=\"width:20px;height:auto\"\/><\/figure>\n\n\n\n<p><a href=\"https:\/\/osiedle.wroc.pl\/phocadownloadpap\/userupload\/maslice.tkuna\/Halo%20Tu%20Malice%20nr%205.pdf\">Halo! Tu Ma\u015blice nr 5 (pdf)<\/a><br>Rada Osiedla Ma\u015blice aktywnie informuje o swojej pracy poprzez media spo\u0142eczno\u015bciowe oraz stron\u0119 internetow\u0105, podsumowuj\u0105c ostatni kwarta\u0142, w kt\u00f3rym zorganizowano konsultacje spo\u0142eczne dotycz\u0105ce funduszu osiedlowego, realizowano projekty inwestycyjne, wprowadzano nowe zabezpieczenia na chodnikach, oraz prowadzono akcje sprz\u0105tania i wsparcia spo\u0142ecznego, zapraszaj\u0105c do udzia\u0142u w r\u00f3\u017cnorodnych inicjatywach oraz do kontaktu poprzez oficjalne kana\u0142y komunikacji.<\/p>\n<\/div>\n\n\n\n<hr class=\"wp-block-separator has-alpha-channel-opacity\"\/>\n\n\n\n<div class=\"wp-block-group is-nowrap is-layout-flex wp-container-core-group-is-layout-64989fb1 wp-block-group-is-layout-flex\">\n<figure class=\"wp-block-image size-full is-resized\"><img loading=\"lazy\" decoding=\"async\" width=\"36\" height=\"49\" src=\"https:\/\/kolektywpomyslow.pl\/wp-content\/uploads\/2024\/05\/OIP.png\" alt=\"pdf\" class=\"wp-image-310\" style=\"width:20px;height:auto\"\/><\/figure>\n\n\n\n<p><a href=\"https:\/\/osiedle.wroc.pl\/phocadownloadpap\/userupload\/maslice\/Halo%20Tu%20Malice%20nr%204.pdf\">Halo! Tu Ma\u015blice nr 4 (pdf)<\/a><br>Rada Osiedla Ma\u015blice aktywnie dzia\u0142a na rzecz mieszka\u0144c\u00f3w, podejmuj\u0105c wiele inicjatyw zwi\u0105zanych z bie\u017c\u0105cymi sprawami, takimi jak usuwanie wrak\u00f3w, naprawa dr\u00f3g i chodnik\u00f3w, czy dba\u0142o\u015b\u0107 o porz\u0105dek i bezpiecze\u0144stwo na osiedlu, jednocze\u015bnie informuj\u0105c o zmianach w komunikacji miejskiej oraz planach rozwoju infrastruktury edukacyjnej i spo\u0142ecznej, anga\u017cuj\u0105c mieszka\u0144c\u00f3w w r\u00f3\u017cnorodne wydarzenia integruj\u0105ce i aktywizuj\u0105ce spo\u0142eczno\u015b\u0107 lokaln\u0105.<\/p>\n<\/div>\n\n\n\n<hr class=\"wp-block-separator has-alpha-channel-opacity\"\/>\n\n\n\n<div class=\"wp-block-group is-nowrap is-layout-flex wp-container-core-group-is-layout-64989fb1 wp-block-group-is-layout-flex\">\n<figure class=\"wp-block-image size-full is-resized\"><img loading=\"lazy\" decoding=\"async\" width=\"36\" height=\"49\" src=\"https:\/\/kolektywpomyslow.pl\/wp-content\/uploads\/2024\/05\/OIP.png\" alt=\"pdf\" class=\"wp-image-310\" style=\"width:20px;height:auto\"\/><\/figure>\n\n\n\n<p><a href=\"https:\/\/osiedle.wroc.pl\/phocadownloadpap\/userupload\/maslice.tkuna\/Halo%20Tu%20Malice%20nr%203.pdf\">Halo! Tu Maslice nr 3 (pdf)<\/a><br>W ostatnim czasie Rada Osiedla Ma\u015blice dokona\u0142a zmian personalnych, podj\u0119\u0142a szereg inicjatyw maj\u0105cych poprawi\u0107 jako\u015b\u0107 \u017cycia mieszka\u0144c\u00f3w, takich jak przekszta\u0142cenie ulic, naprawa dr\u00f3g, kontrole odpad\u00f3w oraz wsp\u00f3\u0142praca z w\u0142adzami miasta, w tym spotkanie z Prezydentem Wroc\u0142awia, aby om\u00f3wi\u0107 r\u00f3\u017cne kwestie dotycz\u0105ce edukacji, infrastruktury i komunikacji miejskiej.<\/p>\n<\/div>\n\n\n\n<hr class=\"wp-block-separator has-alpha-channel-opacity\"\/>\n\n\n\n<div class=\"wp-block-group is-nowrap is-layout-flex wp-container-core-group-is-layout-64989fb1 wp-block-group-is-layout-flex\">\n<figure class=\"wp-block-image size-full is-resized\"><img loading=\"lazy\" decoding=\"async\" width=\"36\" height=\"49\" src=\"https:\/\/kolektywpomyslow.pl\/wp-content\/uploads\/2024\/05\/OIP.png\" alt=\"pdf\" class=\"wp-image-310\" style=\"width:20px;height:auto\"\/><\/figure>\n\n\n\n<p><a href=\"https:\/\/osiedle.wroc.pl\/phocadownloadpap\/userupload\/maslice\/Halo%20Tu%20Malice%20nr%202.pdf\">Halo! Tu Ma\u015blice nr 2 (pdf)<\/a><br>W ostatnich miesi\u0105cach Rada Osiedla Ma\u015blice podj\u0119\u0142a szereg dzia\u0142a\u0144, w tym opracowanie strategii z aktywnym udzia\u0142em mieszka\u0144c\u00f3w, spotkania dotycz\u0105ce smogu i polityki parkingowej, inicjatywy z m\u0142odzie\u017c\u0105 i wsp\u00f3\u0142praca z instytucjami edukacyjnymi oraz plany modernizacji infrastruktury, o\u015bwietlenia i nawierzchni drogowej, wszystkie aktualno\u015bci s\u0105 regularnie publikowane na profilach spo\u0142eczno\u015bciowych i dost\u0119pne podczas dy\u017cur\u00f3w radnych w siedzibie Rady Osiedla.<\/p>\n<\/div>\n\n\n\n<hr class=\"wp-block-separator has-alpha-channel-opacity\"\/>\n\n\n\n<div class=\"wp-block-group is-nowrap is-layout-flex wp-container-core-group-is-layout-64989fb1 wp-block-group-is-layout-flex\">\n<figure class=\"wp-block-image size-full is-resized\"><img loading=\"lazy\" decoding=\"async\" width=\"36\" height=\"49\" src=\"https:\/\/kolektywpomyslow.pl\/wp-content\/uploads\/2024\/05\/OIP.png\" alt=\"pdf\" class=\"wp-image-310\" style=\"width:20px;height:auto\"\/><\/figure>\n\n\n\n<p><a href=\"https:\/\/osiedle.wroc.pl\/phocadownloadpap\/userupload\/maslice\/Halo%20Tu%20Malice%20nr%201.pdf\">Halo! Tu Ma\u015blice nr 1 (pdf)<\/a><br>Rada Osiedla Ma\u015blice, jako jednostka pomocnicza miasta Wroc\u0142awia, odgrywa kluczow\u0105 rol\u0119 w poprawie warunk\u00f3w \u017cycia mieszka\u0144c\u00f3w poprzez dzia\u0142ania na rzecz samorz\u0105dno\u015bci lokalnej, wsp\u00f3\u0142prac\u0119 z innymi instytucjami oraz inicjatywy maj\u0105ce na celu integracj\u0119 spo\u0142eczno\u015bci, a ich dotychczasowe osi\u0105gni\u0119cia obejmuj\u0105 m.in. utrzymanie teren\u00f3w zielonych, remonty chodnik\u00f3w, wygranie projekt\u00f3w w ramach WBO oraz wsp\u00f3\u0142prac\u0119 z lokalnymi przedsi\u0119biorcami i inwestorami, przygotowuj\u0105c jednocze\u015bnie nowe inwestycje i inicjatywy na rzecz rozwoju osiedla.<\/p>\n<\/div>","protected":false},"excerpt":{"rendered":"<p>Od kilku lat nasze stowarzyszenie wydaje osiedlowy bezp\u0142atny informator, przejmuj\u0105c pa\u0142eczk\u0119 od Rady Osiedla Ma\u015blice. Numery archiwalne mo\u017cna pobra\u0107 u do\u0142u tej strony &#8211; zapraszamy do lektury! Zesp\u00f3\u0142 redaktorski Wsp\u00f3\u0142praca i kontakt Zapraszamy do przeczytania naszych ostatnich gazet! Halo! Tu Ma\u015blice nr 23 (pdf)Artyku\u0142 opisuje dzia\u0142alno\u015b\u0107 Centrum Aktywno\u015bci Lokalnej (CAL) Ma\u015blice, w tym r\u00f3\u017cnorodne wydarzenia&hellip;&nbsp;<a href=\"https:\/\/kolektywpomyslow.pl\/en\/informator\/\" rel=\"bookmark\">Read More &raquo;<span class=\"screen-reader-text\">Hello! This is Ma\u015blice<\/span><\/a><\/p>","protected":false},"author":2,"featured_media":0,"parent":0,"menu_order":0,"comment_status":"closed","ping_status":"closed","template":"","meta":{"_monsterinsights_skip_tracking":false,"_monsterinsights_sitenote_active":false,"_monsterinsights_sitenote_note":"","_monsterinsights_sitenote_category":0,"neve_meta_sidebar":"","neve_meta_container":"","neve_meta_enable_content_width":"","neve_meta_content_width":0,"neve_meta_title_alignment":"","neve_meta_author_avatar":"","neve_post_elements_order":"","neve_meta_disable_header":"","neve_meta_disable_footer":"","neve_meta_disable_title":"","footnotes":""},"class_list":["post-40","page","type-page","status-publish","hentry"],"aioseo_notices":[],"_links":{"self":[{"href":"https:\/\/kolektywpomyslow.pl\/en\/wp-json\/wp\/v2\/pages\/40","targetHints":{"allow":["GET"]}}],"collection":[{"href":"https:\/\/kolektywpomyslow.pl\/en\/wp-json\/wp\/v2\/pages"}],"about":[{"href":"https:\/\/kolektywpomyslow.pl\/en\/wp-json\/wp\/v2\/types\/page"}],"author":[{"embeddable":true,"href":"https:\/\/kolektywpomyslow.pl\/en\/wp-json\/wp\/v2\/users\/2"}],"replies":[{"embeddable":true,"href":"https:\/\/kolektywpomyslow.pl\/en\/wp-json\/wp\/v2\/comments?post=40"}],"version-history":[{"count":4,"href":"https:\/\/kolektywpomyslow.pl\/en\/wp-json\/wp\/v2\/pages\/40\/revisions"}],"predecessor-version":[{"id":318,"href":"https:\/\/kolektywpomyslow.pl\/en\/wp-json\/wp\/v2\/pages\/40\/revisions\/318"}],"wp:attachment":[{"href":"https:\/\/kolektywpomyslow.pl\/en\/wp-json\/wp\/v2\/media?parent=40"}],"curies":[{"name":"wp","href":"https:\/\/api.w.org\/{rel}","templated":true}]}}